{"id":7,"date":"2012-10-23T14:02:43","date_gmt":"2012-10-23T13:02:43","guid":{"rendered":"http:\/\/www.bigbv.org\/?page_id=7"},"modified":"2026-03-05T10:53:02","modified_gmt":"2026-03-05T09:53:02","slug":"lassociation","status":"publish","type":"page","link":"http:\/\/www.bigbv.org\/","title":{"rendered":"Salon 2026 les 28 et 29 MARS"},"content":{"rendered":"\n<figure class=\"wp-block-image size-large\"><img loading=\"lazy\" decoding=\"async\" width=\"1024\" height=\"320\" src=\"http:\/\/www.bigbv.org\/wp-content\/uploads\/2020\/01\/ban-05-1024x320.jpg\" alt=\"\" class=\"wp-image-2023\" srcset=\"http:\/\/www.bigbv.org\/wp-content\/uploads\/2020\/01\/ban-05-1024x320.jpg 1024w, http:\/\/www.bigbv.org\/wp-content\/uploads\/2020\/01\/ban-05-300x94.jpg 300w, http:\/\/www.bigbv.org\/wp-content\/uploads\/2020\/01\/ban-05-768x240.jpg 768w, http:\/\/www.bigbv.org\/wp-content\/uploads\/2020\/01\/ban-05-1536x480.jpg 1536w, http:\/\/www.bigbv.org\/wp-content\/uploads\/2020\/01\/ban-05.jpg 1920w\" sizes=\"auto, (max-width: 1024px) 100vw, 1024px\" \/><\/figure>\n\n\n\n<p> L&rsquo;association Big Band Vexin\u00e9e organise son salon de Disques et BD.<\/p>\n\n\n\n<p>Vous d\u00e9couvrirez des stands amateurs et professionnels de disques (vinyls, CD, DVD), Bandes Dessin\u00e9es, affiches, figurines et autres partitions ou accessoires et instruments de musique.<\/p>\n\n\n\n<p>Pour la cinqui\u00e8me\n&nbsp;ann\u00e9e cons\u00e9cutive la foire s\u2019ouvrira au\ncin\u00e9ma avec une offre plus cons\u00e9quente. A la vente,&nbsp; seront propos\u00e9es, DVD,\naffiches, photos d\u2019exploitation, dossiers de presse, figurines, cartes\npostales, gadgets, etc.&nbsp;<\/p>\n\n\n\n<p>La manifestation se tiendra, au gymnase Guy Moquet de Limay (acc\u00e8s fl\u00e9ch\u00e9), lieu permettant d\u2019accueillir une centaine d\u2019exposants sur 240 m\u00e8tres lin\u00e9aires. <a href=\"https:\/\/www.bigbv.org\/?page_id=13\">Infos pratiques Ici<\/a><\/p>\n\n\n\n<p>Comme chaque ann\u00e9e, l\u2019int\u00e9gralit\u00e9 de la recette des entr\u00e9es sera revers\u00e9e \u00e0 des organisations caritatives. <strong>Des auteurs BD en d\u00e9dicaces, en partenariat avec <a href=\"https:\/\/www.bullesdemantes.fr\/bdm\/\">Bulles de Mantes<\/a>, sont annonc\u00e9s dans la rubrique <a href=\"https:\/\/www.bigbv.org\/?page_id=2040\" data-type=\"link\" data-id=\"https:\/\/www.bigbv.org\/?page_id=2040\">d\u00e9dicaces<\/a>.<\/strong><\/p>\n\n\n\n<p><\/p>\n","protected":false},"excerpt":{"rendered":"<p>L&rsquo;association Big Band Vexin\u00e9e organise son salon de Disques et BD. Vous d\u00e9couvrirez des stands amateurs et professionnels de disques (vinyls, CD, DVD), Bandes Dessin\u00e9es, affiches, figurines et autres partitions ou accessoires et instruments de musique. Pour la cinqui\u00e8me &nbsp;ann\u00e9e cons\u00e9cutive la foire s\u2019ouvrira au cin\u00e9ma avec une offre plus cons\u00e9quente. A la vente,&nbsp; seront [&hellip;]<\/p>\n","protected":false},"author":1,"featured_media":0,"parent":0,"menu_order":3,"comment_status":"closed","ping_status":"open","template":"","meta":{"footnotes":""},"class_list":["post-7","page","type-page","status-publish","hentry"],"_links":{"self":[{"href":"http:\/\/www.bigbv.org\/index.php?rest_route=\/wp\/v2\/pages\/7","targetHints":{"allow":["GET"]}}],"collection":[{"href":"http:\/\/www.bigbv.org\/index.php?rest_route=\/wp\/v2\/pages"}],"about":[{"href":"http:\/\/www.bigbv.org\/index.php?rest_route=\/wp\/v2\/types\/page"}],"author":[{"embeddable":true,"href":"http:\/\/www.bigbv.org\/index.php?rest_route=\/wp\/v2\/users\/1"}],"replies":[{"embeddable":true,"href":"http:\/\/www.bigbv.org\/index.php?rest_route=%2Fwp%2Fv2%2Fcomments&post=7"}],"version-history":[{"count":10,"href":"http:\/\/www.bigbv.org\/index.php?rest_route=\/wp\/v2\/pages\/7\/revisions"}],"predecessor-version":[{"id":2105,"href":"http:\/\/www.bigbv.org\/index.php?rest_route=\/wp\/v2\/pages\/7\/revisions\/2105"}],"wp:attachment":[{"href":"http:\/\/www.bigbv.org\/index.php?rest_route=%2Fwp%2Fv2%2Fmedia&parent=7"}],"curies":[{"name":"wp","href":"https:\/\/api.w.org\/{rel}","templated":true}]}}